{"id":2488,"date":"2024-02-01T17:28:12","date_gmt":"2024-02-01T16:28:12","guid":{"rendered":"https:\/\/ferrettogroup.websitesimple.it\/case-study\/kredit\/"},"modified":"2024-11-14T09:03:09","modified_gmt":"2024-11-14T08:03:09","slug":"kredit-almacenaje-vertical-automatico","status":"publish","type":"case-study","link":"https:\/\/ferretto.com\/es\/case-studies\/kredit-almacenaje-vertical-automatico\/","title":{"rendered":"Kredit &#8211; almacenaje vertical autom\u00e1tico"},"content":{"rendered":"\n<h2 class=\"wp-block-heading\">El almacenaje vertical autom\u00e1tico por Kredit <\/h2>\n\n\n\n<p>Ferretto, en colaboraci\u00f3n con el partner Kredit, consolida su presencia en la Rep\u00fablica Checa con el almacenaje vertical autom\u00e1tico <a href=\"https:\/\/ferretto.com\/soluzione\/magazzini-automatici-verticali-vertimag\/\">Vertimag<\/a> para una importante empresa internacional dedicada a la producci\u00f3n y comercializaci\u00f3n de tornos autom\u00e1ticos.<\/p>\n","protected":false},"excerpt":{"rendered":"<p>El almacenaje vertical autom\u00e1tico por Kredit Ferretto, en colaboraci\u00f3n con el partner Kredit, consolida su presencia en la Rep\u00fablica Checa con el almacenaje vertical autom\u00e1tico Vertimag para una importante empresa internacional dedicada a la producci\u00f3n y comercializaci\u00f3n de tornos autom\u00e1ticos.<\/p>\n","protected":false},"featured_media":1944,"parent":0,"template":"","settore":[],"class_list":["post-2488","case-study","type-case-study","status-publish","has-post-thumbnail","hentry"],"acf":[],"yoast_head":"<!-- This site is optimized with the Yoast SEO plugin v27.0 - https:\/\/yoast.com\/product\/yoast-seo-wordpress\/ -->\n<title>Kredit - almacenaje vertical autom\u00e1tico - Ferretto SpA<\/title>\n<meta name=\"description\" content=\"Ferretto, en colaboraci\u00f3n con el partner Kredit, consolida su presencia en la Rep\u00fablica Checa con el almacenaje vertical autom\u00e1tico nuevos\" \/>\n<meta name=\"robots\" content=\"index, follow, max-snippet:-1, max-image-preview:large, max-video-preview:-1\" \/>\n<link rel=\"canonical\" href=\"https:\/\/ferretto.com\/case-studies\/kredit\/\" \/>\n<meta property=\"og:locale\" content=\"es_ES\" \/>\n<meta property=\"og:type\" content=\"article\" \/>\n<meta property=\"og:title\" content=\"Kredit - almacenaje vertical autom\u00e1tico - Ferretto SpA\" \/>\n<meta property=\"og:description\" content=\"Ferretto, en colaboraci\u00f3n con el partner Kredit, consolida su presencia en la Rep\u00fablica Checa con el almacenaje vertical autom\u00e1tico nuevos\" \/>\n<meta property=\"og:url\" content=\"https:\/\/ferretto.com\/case-studies\/kredit\/\" \/>\n<meta property=\"og:site_name\" content=\"Ferretto SpA\" \/>\n<meta property=\"article:modified_time\" content=\"2024-11-14T08:03:09+00:00\" \/>\n<meta property=\"og:image\" content=\"https:\/\/ferretto.com\/wp-content\/uploads\/2024\/02\/magazzino-verticale-Vertimag-settore-meccanico--scaled.jpg\" \/>\n\t<meta property=\"og:image:width\" content=\"2560\" \/>\n\t<meta property=\"og:image:height\" content=\"1920\" \/>\n\t<meta property=\"og:image:type\" content=\"image\/jpeg\" \/>\n<meta name=\"twitter:card\" content=\"summary_large_image\" \/>\n<meta name=\"twitter:label1\" content=\"Tiempo de lectura\" \/>\n\t<meta name=\"twitter:data1\" content=\"1 minuto\" \/>\n<script type=\"application\/ld+json\" class=\"yoast-schema-graph\">{\"@context\":\"https:\/\/schema.org\",\"@graph\":[{\"@type\":\"WebPage\",\"@id\":\"https:\/\/ferretto.com\/case-studies\/kredit\/\",\"url\":\"https:\/\/ferretto.com\/case-studies\/kredit\/\",\"name\":\"Kredit - almacenaje vertical autom\u00e1tico - Ferretto SpA\",\"isPartOf\":{\"@id\":\"https:\/\/ferretto.com\/#website\"},\"primaryImageOfPage\":{\"@id\":\"https:\/\/ferretto.com\/case-studies\/kredit\/#primaryimage\"},\"image\":{\"@id\":\"https:\/\/ferretto.com\/case-studies\/kredit\/#primaryimage\"},\"thumbnailUrl\":\"https:\/\/ferretto.com\/wp-content\/uploads\/2024\/02\/magazzino-verticale-Vertimag-settore-meccanico--scaled.jpg\",\"datePublished\":\"2024-02-01T16:28:12+00:00\",\"dateModified\":\"2024-11-14T08:03:09+00:00\",\"description\":\"Ferretto, en colaboraci\u00f3n con el partner Kredit, consolida su presencia en la Rep\u00fablica Checa con el almacenaje vertical autom\u00e1tico nuevos\",\"breadcrumb\":{\"@id\":\"https:\/\/ferretto.com\/case-studies\/kredit\/#breadcrumb\"},\"inLanguage\":\"es\",\"potentialAction\":[{\"@type\":\"ReadAction\",\"target\":[\"https:\/\/ferretto.com\/case-studies\/kredit\/\"]}]},{\"@type\":\"ImageObject\",\"inLanguage\":\"es\",\"@id\":\"https:\/\/ferretto.com\/case-studies\/kredit\/#primaryimage\",\"url\":\"https:\/\/ferretto.com\/wp-content\/uploads\/2024\/02\/magazzino-verticale-Vertimag-settore-meccanico--scaled.jpg\",\"contentUrl\":\"https:\/\/ferretto.com\/wp-content\/uploads\/2024\/02\/magazzino-verticale-Vertimag-settore-meccanico--scaled.jpg\",\"width\":2560,\"height\":1920,\"caption\":\"almacenaje vertical autom\u00e1tico\"},{\"@type\":\"BreadcrumbList\",\"@id\":\"https:\/\/ferretto.com\/case-studies\/kredit\/#breadcrumb\",\"itemListElement\":[{\"@type\":\"ListItem\",\"position\":1,\"name\":\"Home\",\"item\":\"https:\/\/ferretto.com\/\"},{\"@type\":\"ListItem\",\"position\":2,\"name\":\"Kredit &#8211; almacenaje vertical autom\u00e1tico\"}]},{\"@type\":\"WebSite\",\"@id\":\"https:\/\/ferretto.com\/#website\",\"url\":\"https:\/\/ferretto.com\/\",\"name\":\"Ferretto SPA\",\"description\":\"\",\"publisher\":{\"@id\":\"https:\/\/ferretto.com\/#organization\"},\"potentialAction\":[{\"@type\":\"SearchAction\",\"target\":{\"@type\":\"EntryPoint\",\"urlTemplate\":\"https:\/\/ferretto.com\/?s={search_term_string}\"},\"query-input\":{\"@type\":\"PropertyValueSpecification\",\"valueRequired\":true,\"valueName\":\"search_term_string\"}}],\"inLanguage\":\"es\"},{\"@type\":\"Organization\",\"@id\":\"https:\/\/ferretto.com\/#organization\",\"name\":\"Ferretto SPA\",\"url\":\"https:\/\/ferretto.com\/\",\"logo\":{\"@type\":\"ImageObject\",\"inLanguage\":\"es\",\"@id\":\"https:\/\/ferretto.com\/#\/schema\/logo\/image\/\",\"url\":\"https:\/\/ferretto.com\/wp-content\/uploads\/2024\/02\/FERRETTO-logo-orizz-con-payoff-col.png\",\"contentUrl\":\"https:\/\/ferretto.com\/wp-content\/uploads\/2024\/02\/FERRETTO-logo-orizz-con-payoff-col.png\",\"width\":3190,\"height\":598,\"caption\":\"Ferretto SPA\"},\"image\":{\"@id\":\"https:\/\/ferretto.com\/#\/schema\/logo\/image\/\"}}]}<\/script>\n<!-- \/ Yoast SEO plugin. -->","yoast_head_json":{"title":"Kredit - almacenaje vertical autom\u00e1tico - Ferretto SpA","description":"Ferretto, en colaboraci\u00f3n con el partner Kredit, consolida su presencia en la Rep\u00fablica Checa con el almacenaje vertical autom\u00e1tico nuevos","robots":{"index":"index","follow":"follow","max-snippet":"max-snippet:-1","max-image-preview":"max-image-preview:large","max-video-preview":"max-video-preview:-1"},"canonical":"https:\/\/ferretto.com\/case-studies\/kredit\/","og_locale":"es_ES","og_type":"article","og_title":"Kredit - almacenaje vertical autom\u00e1tico - Ferretto SpA","og_description":"Ferretto, en colaboraci\u00f3n con el partner Kredit, consolida su presencia en la Rep\u00fablica Checa con el almacenaje vertical autom\u00e1tico nuevos","og_url":"https:\/\/ferretto.com\/case-studies\/kredit\/","og_site_name":"Ferretto SpA","article_modified_time":"2024-11-14T08:03:09+00:00","og_image":[{"width":2560,"height":1920,"url":"https:\/\/ferretto.com\/wp-content\/uploads\/2024\/02\/magazzino-verticale-Vertimag-settore-meccanico--scaled.jpg","type":"image\/jpeg"}],"twitter_card":"summary_large_image","twitter_misc":{"Tiempo de lectura":"1 minuto"},"schema":{"@context":"https:\/\/schema.org","@graph":[{"@type":"WebPage","@id":"https:\/\/ferretto.com\/case-studies\/kredit\/","url":"https:\/\/ferretto.com\/case-studies\/kredit\/","name":"Kredit - almacenaje vertical autom\u00e1tico - Ferretto SpA","isPartOf":{"@id":"https:\/\/ferretto.com\/#website"},"primaryImageOfPage":{"@id":"https:\/\/ferretto.com\/case-studies\/kredit\/#primaryimage"},"image":{"@id":"https:\/\/ferretto.com\/case-studies\/kredit\/#primaryimage"},"thumbnailUrl":"https:\/\/ferretto.com\/wp-content\/uploads\/2024\/02\/magazzino-verticale-Vertimag-settore-meccanico--scaled.jpg","datePublished":"2024-02-01T16:28:12+00:00","dateModified":"2024-11-14T08:03:09+00:00","description":"Ferretto, en colaboraci\u00f3n con el partner Kredit, consolida su presencia en la Rep\u00fablica Checa con el almacenaje vertical autom\u00e1tico nuevos","breadcrumb":{"@id":"https:\/\/ferretto.com\/case-studies\/kredit\/#breadcrumb"},"inLanguage":"es","potentialAction":[{"@type":"ReadAction","target":["https:\/\/ferretto.com\/case-studies\/kredit\/"]}]},{"@type":"ImageObject","inLanguage":"es","@id":"https:\/\/ferretto.com\/case-studies\/kredit\/#primaryimage","url":"https:\/\/ferretto.com\/wp-content\/uploads\/2024\/02\/magazzino-verticale-Vertimag-settore-meccanico--scaled.jpg","contentUrl":"https:\/\/ferretto.com\/wp-content\/uploads\/2024\/02\/magazzino-verticale-Vertimag-settore-meccanico--scaled.jpg","width":2560,"height":1920,"caption":"almacenaje vertical autom\u00e1tico"},{"@type":"BreadcrumbList","@id":"https:\/\/ferretto.com\/case-studies\/kredit\/#breadcrumb","itemListElement":[{"@type":"ListItem","position":1,"name":"Home","item":"https:\/\/ferretto.com\/"},{"@type":"ListItem","position":2,"name":"Kredit &#8211; almacenaje vertical autom\u00e1tico"}]},{"@type":"WebSite","@id":"https:\/\/ferretto.com\/#website","url":"https:\/\/ferretto.com\/","name":"Ferretto SPA","description":"","publisher":{"@id":"https:\/\/ferretto.com\/#organization"},"potentialAction":[{"@type":"SearchAction","target":{"@type":"EntryPoint","urlTemplate":"https:\/\/ferretto.com\/?s={search_term_string}"},"query-input":{"@type":"PropertyValueSpecification","valueRequired":true,"valueName":"search_term_string"}}],"inLanguage":"es"},{"@type":"Organization","@id":"https:\/\/ferretto.com\/#organization","name":"Ferretto SPA","url":"https:\/\/ferretto.com\/","logo":{"@type":"ImageObject","inLanguage":"es","@id":"https:\/\/ferretto.com\/#\/schema\/logo\/image\/","url":"https:\/\/ferretto.com\/wp-content\/uploads\/2024\/02\/FERRETTO-logo-orizz-con-payoff-col.png","contentUrl":"https:\/\/ferretto.com\/wp-content\/uploads\/2024\/02\/FERRETTO-logo-orizz-con-payoff-col.png","width":3190,"height":598,"caption":"Ferretto SPA"},"image":{"@id":"https:\/\/ferretto.com\/#\/schema\/logo\/image\/"}}]}},"_links":{"self":[{"href":"https:\/\/ferretto.com\/es\/wp-json\/wp\/v2\/case-study\/2488","targetHints":{"allow":["GET"]}}],"collection":[{"href":"https:\/\/ferretto.com\/es\/wp-json\/wp\/v2\/case-study"}],"about":[{"href":"https:\/\/ferretto.com\/es\/wp-json\/wp\/v2\/types\/case-study"}],"version-history":[{"count":7,"href":"https:\/\/ferretto.com\/es\/wp-json\/wp\/v2\/case-study\/2488\/revisions"}],"predecessor-version":[{"id":11632,"href":"https:\/\/ferretto.com\/es\/wp-json\/wp\/v2\/case-study\/2488\/revisions\/11632"}],"wp:featuredmedia":[{"embeddable":true,"href":"https:\/\/ferretto.com\/es\/wp-json\/wp\/v2\/media\/1944"}],"wp:attachment":[{"href":"https:\/\/ferretto.com\/es\/wp-json\/wp\/v2\/media?parent=2488"}],"wp:term":[{"taxonomy":"settore","embeddable":true,"href":"https:\/\/ferretto.com\/es\/wp-json\/wp\/v2\/settore?post=2488"}],"curies":[{"name":"wp","href":"https:\/\/api.w.org\/{rel}","templated":true}]}}